{"id":267,"date":"2023-02-11T16:19:14","date_gmt":"2023-02-11T22:19:14","guid":{"rendered":"https:\/\/jairocampos.com\/site\/index\/"},"modified":"2024-06-17T21:38:44","modified_gmt":"2024-06-18T03:38:44","slug":"home","status":"publish","type":"page","link":"https:\/\/jairocampos.com\/site\/","title":{"rendered":"Home"},"content":{"rendered":"\t\t<div data-elementor-type=\"wp-page\" data-elementor-id=\"267\" class=\"elementor elementor-267\" data-elementor-post-type=\"page\">\n\t\t\t\t<div class=\"elementor-element elementor-element-95b1777 e-flex e-con-boxed e-con e-parent\" data-id=\"95b1777\" data-element_type=\"container\" data-e-type=\"container\">\n\t\t\t\t\t<div class=\"e-con-inner\">\n\t\t\t\t<div class=\"elementor-element elementor-element-772845a elementor-widget elementor-widget-image\" data-id=\"772845a\" data-element_type=\"widget\" data-e-type=\"widget\" data-widget_type=\"image.default\">\n\t\t\t\t<div class=\"elementor-widget-container\">\n\t\t\t\t\t\t\t\t\t\t\t\t\t\t\t<img fetchpriority=\"high\" decoding=\"async\" width=\"650\" height=\"884\" src=\"https:\/\/jairocampos.com\/site\/wp-content\/uploads\/2023\/07\/jairo_portraitb.webp\" class=\"attachment-qi_addons_for_elementor_image_size_portrait size-qi_addons_for_elementor_image_size_portrait wp-image-672\" alt=\"fotografia de perfil del artista jairo campos\" srcset=\"https:\/\/jairocampos.com\/site\/wp-content\/uploads\/2023\/07\/jairo_portraitb.webp 1080w, https:\/\/jairocampos.com\/site\/wp-content\/uploads\/2023\/07\/jairo_portraitb-221x300.webp 221w, https:\/\/jairocampos.com\/site\/wp-content\/uploads\/2023\/07\/jairo_portraitb-753x1024.webp 753w, https:\/\/jairocampos.com\/site\/wp-content\/uploads\/2023\/07\/jairo_portraitb-768x1044.webp 768w\" sizes=\"(max-width: 650px) 100vw, 650px\" \/>\t\t\t\t\t\t\t\t\t\t\t\t\t\t\t<\/div>\n\t\t\t\t<\/div>\n\t\t\t\t<div class=\"elementor-element elementor-element-24eaa5e elementor-widget elementor-widget-heading\" data-id=\"24eaa5e\" data-element_type=\"widget\" data-e-type=\"widget\" data-widget_type=\"heading.default\">\n\t\t\t\t<div class=\"elementor-widget-container\">\n\t\t\t\t\t<h1 class=\"elementor-heading-title elementor-size-default\">Jairo Arturo Campos<\/h1>\t\t\t\t<\/div>\n\t\t\t\t<\/div>\n\t\t\t\t<div class=\"elementor-element elementor-element-267133f elementor-widget elementor-widget-text-editor\" data-id=\"267133f\" data-element_type=\"widget\" data-e-type=\"widget\" data-widget_type=\"text-editor.default\">\n\t\t\t\t<div class=\"elementor-widget-container\">\n\t\t\t\t\t\t\t\t\t<p>Dise\u00f1ador y artista visual que emplea medios audiovisuales para crear un lenguaje po\u00e9tico que combina artes visuales, meditaci\u00f3n y terapia on\u00edrica-espiritual. Con atm\u00f3sferas hipn\u00f3ticas y met\u00e1foras visuales, genera espacios de reflexi\u00f3n, autoexploraci\u00f3n y sensibilidad. Se interesa en el arte como herramienta de sanaci\u00f3n y b\u00fasqueda espiritual. Actualmente dise\u00f1a para S\u00faper Ak\u00ed en M\u00e9rida, Yucat\u00e1n.<\/p>\t\t\t\t\t\t\t\t<\/div>\n\t\t\t\t<\/div>\n\t\t\t\t\t<\/div>\n\t\t\t\t<\/div>\n\t\t<main class=\"elementor-element elementor-element-e9f173f e-flex e-con-boxed e-con e-parent\" data-id=\"e9f173f\" data-element_type=\"container\" data-e-type=\"container\">\n\t\t\t\t\t<div class=\"e-con-inner\">\n\t\t<div class=\"elementor-element elementor-element-d672d21 e-con-full e-flex e-con e-child\" data-id=\"d672d21\" data-element_type=\"container\" data-e-type=\"container\">\n\t\t\t\t<div class=\"elementor-element elementor-element-fd54f84 elementor-widget elementor-widget-gallery\" data-id=\"fd54f84\" data-element_type=\"widget\" data-e-type=\"widget\" data-settings=\"{&quot;gallery_layout&quot;:&quot;masonry&quot;,&quot;link_to&quot;:&quot;custom&quot;,&quot;lazyload&quot;:&quot;yes&quot;,&quot;columns&quot;:4,&quot;columns_tablet&quot;:2,&quot;columns_mobile&quot;:1,&quot;gap&quot;:{&quot;unit&quot;:&quot;px&quot;,&quot;size&quot;:10,&quot;sizes&quot;:[]},&quot;gap_tablet&quot;:{&quot;unit&quot;:&quot;px&quot;,&quot;size&quot;:10,&quot;sizes&quot;:[]},&quot;gap_mobile&quot;:{&quot;unit&quot;:&quot;px&quot;,&quot;size&quot;:10,&quot;sizes&quot;:[]},&quot;url&quot;:{&quot;url&quot;:&quot;&quot;,&quot;is_external&quot;:&quot;&quot;,&quot;nofollow&quot;:&quot;&quot;,&quot;custom_attributes&quot;:&quot;&quot;},&quot;content_hover_animation&quot;:&quot;fade-in&quot;}\" data-widget_type=\"gallery.default\">\n\t\t\t\t<div class=\"elementor-widget-container\">\n\t\t\t\t\t\t\t<div class=\"elementor-gallery__container\">\n\t\t\t\t\t\t\t<a class=\"e-gallery-item elementor-gallery-item elementor-animated-content\">\n\t\t\t\t\t<div class=\"e-gallery-image elementor-gallery-item__image\" data-thumbnail=\"https:\/\/jairocampos.com\/site\/wp-content\/uploads\/2023\/12\/registro-rafiki-2023-arteunam-101-683x1024.jpg\" data-width=\"683\" data-height=\"1024\" aria-label=\"Artista Rafiki Sanchez trabajando en su pieza.\" role=\"img\" ><\/div>\n\t\t\t\t\t\t\t\t\t\t\t\t\t\t<\/a>\n\t\t\t\t\t\t\t<a class=\"e-gallery-item elementor-gallery-item elementor-animated-content\">\n\t\t\t\t\t<div class=\"e-gallery-image elementor-gallery-item__image\" data-thumbnail=\"https:\/\/jairocampos.com\/site\/wp-content\/uploads\/2023\/09\/IMG_3099-1024x768.jpg\" data-width=\"800\" data-height=\"600\" aria-label=\"A video projection of the piece &quot;aqui siempre es otro lugar&quot;\" role=\"img\" ><\/div>\n\t\t\t\t\t\t\t\t\t\t\t\t\t\t<\/a>\n\t\t\t\t\t\t\t<a class=\"e-gallery-item elementor-gallery-item elementor-animated-content\">\n\t\t\t\t\t<div class=\"e-gallery-image elementor-gallery-item__image\" data-thumbnail=\"https:\/\/jairocampos.com\/site\/wp-content\/uploads\/2023\/08\/esfera_05.webp\" data-width=\"640\" data-height=\"797\" aria-label=\"\" role=\"img\" ><\/div>\n\t\t\t\t\t\t\t\t\t\t\t\t\t\t<\/a>\n\t\t\t\t\t\t\t<a class=\"e-gallery-item elementor-gallery-item elementor-animated-content\">\n\t\t\t\t\t<div class=\"e-gallery-image elementor-gallery-item__image\" data-thumbnail=\"https:\/\/jairocampos.com\/site\/wp-content\/uploads\/2023\/08\/back_expressions6-1024x577.webp\" data-width=\"800\" data-height=\"451\" aria-label=\"\" role=\"img\" ><\/div>\n\t\t\t\t\t\t\t\t\t\t\t\t\t\t<\/a>\n\t\t\t\t\t\t\t<a class=\"e-gallery-item elementor-gallery-item elementor-animated-content\">\n\t\t\t\t\t<div class=\"e-gallery-image elementor-gallery-item__image\" data-thumbnail=\"https:\/\/jairocampos.com\/site\/wp-content\/uploads\/2023\/07\/photofolio_img-8.jpg\" data-width=\"800\" data-height=\"527\" aria-label=\"\" role=\"img\" ><\/div>\n\t\t\t\t\t\t\t\t\t\t\t\t\t\t<\/a>\n\t\t\t\t\t\t\t<a class=\"e-gallery-item elementor-gallery-item elementor-animated-content\">\n\t\t\t\t\t<div class=\"e-gallery-image elementor-gallery-item__image\" data-thumbnail=\"https:\/\/jairocampos.com\/site\/wp-content\/uploads\/2023\/07\/photofolio_img-9.jpg\" data-width=\"678\" data-height=\"990\" aria-label=\"\" role=\"img\" ><\/div>\n\t\t\t\t\t\t\t\t\t\t\t\t\t\t<\/a>\n\t\t\t\t\t\t\t<a class=\"e-gallery-item elementor-gallery-item elementor-animated-content\">\n\t\t\t\t\t<div class=\"e-gallery-image elementor-gallery-item__image\" data-thumbnail=\"https:\/\/jairocampos.com\/site\/wp-content\/uploads\/2023\/07\/photofolio_img-13.jpg\" data-width=\"800\" data-height=\"532\" aria-label=\"\" role=\"img\" ><\/div>\n\t\t\t\t\t\t\t\t\t\t\t\t\t\t<\/a>\n\t\t\t\t\t\t\t<a class=\"e-gallery-item elementor-gallery-item elementor-animated-content\">\n\t\t\t\t\t<div class=\"e-gallery-image elementor-gallery-item__image\" data-thumbnail=\"https:\/\/jairocampos.com\/site\/wp-content\/uploads\/2023\/07\/photofolio_img-4.jpg\" data-width=\"663\" data-height=\"996\" aria-label=\"\" role=\"img\" ><\/div>\n\t\t\t\t\t\t\t\t\t\t\t\t\t\t<\/a>\n\t\t\t\t\t\t\t<a class=\"e-gallery-item elementor-gallery-item elementor-animated-content\">\n\t\t\t\t\t<div class=\"e-gallery-image elementor-gallery-item__image\" data-thumbnail=\"https:\/\/jairocampos.com\/site\/wp-content\/uploads\/2023\/07\/photofolio_img_thumb3.webp\" data-width=\"552\" data-height=\"342\" aria-label=\"\" role=\"img\" ><\/div>\n\t\t\t\t\t\t\t\t\t\t\t\t\t\t<\/a>\n\t\t\t\t\t\t\t<a class=\"e-gallery-item elementor-gallery-item elementor-animated-content\">\n\t\t\t\t\t<div class=\"e-gallery-image elementor-gallery-item__image\" data-thumbnail=\"https:\/\/jairocampos.com\/site\/wp-content\/uploads\/2023\/07\/photofolio_img-3.jpg\" data-width=\"678\" data-height=\"993\" aria-label=\"\" role=\"img\" ><\/div>\n\t\t\t\t\t\t\t\t\t\t\t\t\t\t<\/a>\n\t\t\t\t\t<\/div>\n\t\t\t\t\t<\/div>\n\t\t\t\t<\/div>\n\t\t\t\t<\/div>\n\t\t\t\t\t<\/div>\n\t\t\t\t<\/main>\n\t\t\t\t<\/div>\n\t\t","protected":false},"excerpt":{"rendered":"<p>Jairo Arturo Campos Dise\u00f1ador y artista visual que emplea medios audiovisuales para crear un lenguaje po\u00e9tico que combina artes visuales, meditaci\u00f3n y terapia on\u00edrica-espiritual. Con atm\u00f3sferas hipn\u00f3ticas y met\u00e1foras visuales, genera espacios de reflexi\u00f3n, autoexploraci\u00f3n y sensibilidad. Se interesa en el arte como herramienta de sanaci\u00f3n y b\u00fasqueda espiritual. Actualmente dise\u00f1a para S\u00faper Ak\u00ed en [&hellip;]<\/p>\n","protected":false},"author":1,"featured_media":672,"parent":0,"menu_order":0,"comment_status":"closed","ping_status":"closed","template":"","meta":{"footnotes":""},"class_list":["post-267","page","type-page","status-publish","has-post-thumbnail","hentry"],"yoast_head":"<!-- This site is optimized with the Yoast SEO plugin v28.3 - https:\/\/yoast.com\/product\/yoast-seo-wordpress\/ -->\n<title>Jairo Campos - Artista Visual y Dise\u00f1ador Multimedia<\/title>\n<meta name=\"description\" content=\"La obra y trayectoria de Jairo Campos, Artista Visual y Dise\u00f1ador Gr\u00e1fico con residencia en M\u00e9rida, Yucat\u00e1n, M\u00e9xico.\" \/>\n<meta name=\"robots\" content=\"index, follow, max-snippet:-1, max-image-preview:large, max-video-preview:-1\" \/>\n<link rel=\"canonical\" href=\"https:\/\/jairocampos.com\/site\/\" \/>\n<meta property=\"og:locale\" content=\"en_US\" \/>\n<meta property=\"og:type\" content=\"article\" \/>\n<meta property=\"og:title\" content=\"Jairo Campos - Artista Visual y Dise\u00f1ador Multimedia\" \/>\n<meta property=\"og:description\" content=\"La obra y trayectoria de Jairo Campos, Artista Visual y Dise\u00f1ador Gr\u00e1fico con residencia en M\u00e9rida, Yucat\u00e1n, M\u00e9xico.\" \/>\n<meta property=\"og:url\" content=\"https:\/\/jairocampos.com\/site\/\" \/>\n<meta property=\"og:site_name\" content=\"Jairo Campos\" \/>\n<meta property=\"article:modified_time\" content=\"2024-06-18T03:38:44+00:00\" \/>\n<meta property=\"og:image\" content=\"https:\/\/jairocampos.com\/site\/wp-content\/uploads\/2023\/07\/jairo_portraitb.webp\" \/>\n\t<meta property=\"og:image:width\" content=\"1080\" \/>\n\t<meta property=\"og:image:height\" content=\"1468\" \/>\n\t<meta property=\"og:image:type\" content=\"image\/webp\" \/>\n<meta name=\"twitter:card\" content=\"summary_large_image\" \/>\n<meta name=\"twitter:label1\" content=\"Est. reading time\" \/>\n\t<meta name=\"twitter:data1\" content=\"1 minute\" \/>\n<script type=\"application\/ld+json\" class=\"yoast-schema-graph\">{\"@context\":\"https:\\\/\\\/schema.org\",\"@graph\":[{\"@type\":\"WebPage\",\"@id\":\"https:\\\/\\\/jairocampos.com\\\/site\\\/\",\"url\":\"https:\\\/\\\/jairocampos.com\\\/site\\\/\",\"name\":\"Jairo Campos - Artista Visual y Dise\u00f1ador Multimedia\",\"isPartOf\":{\"@id\":\"https:\\\/\\\/jairocampos.com\\\/site\\\/#website\"},\"primaryImageOfPage\":{\"@id\":\"https:\\\/\\\/jairocampos.com\\\/site\\\/#primaryimage\"},\"image\":{\"@id\":\"https:\\\/\\\/jairocampos.com\\\/site\\\/#primaryimage\"},\"thumbnailUrl\":\"https:\\\/\\\/jairocampos.com\\\/site\\\/wp-content\\\/uploads\\\/2023\\\/07\\\/jairo_portraitb.webp\",\"datePublished\":\"2023-02-11T22:19:14+00:00\",\"dateModified\":\"2024-06-18T03:38:44+00:00\",\"description\":\"La obra y trayectoria de Jairo Campos, Artista Visual y Dise\u00f1ador Gr\u00e1fico con residencia en M\u00e9rida, Yucat\u00e1n, M\u00e9xico.\",\"breadcrumb\":{\"@id\":\"https:\\\/\\\/jairocampos.com\\\/site\\\/#breadcrumb\"},\"inLanguage\":\"en-US\",\"potentialAction\":[{\"@type\":\"ReadAction\",\"target\":[\"https:\\\/\\\/jairocampos.com\\\/site\\\/\"]}]},{\"@type\":\"ImageObject\",\"inLanguage\":\"en-US\",\"@id\":\"https:\\\/\\\/jairocampos.com\\\/site\\\/#primaryimage\",\"url\":\"https:\\\/\\\/jairocampos.com\\\/site\\\/wp-content\\\/uploads\\\/2023\\\/07\\\/jairo_portraitb.webp\",\"contentUrl\":\"https:\\\/\\\/jairocampos.com\\\/site\\\/wp-content\\\/uploads\\\/2023\\\/07\\\/jairo_portraitb.webp\",\"width\":1080,\"height\":1468,\"caption\":\"Retrato del artista Jairo Campos\"},{\"@type\":\"BreadcrumbList\",\"@id\":\"https:\\\/\\\/jairocampos.com\\\/site\\\/#breadcrumb\",\"itemListElement\":[{\"@type\":\"ListItem\",\"position\":1,\"name\":\"Home\",\"item\":\"https:\\\/\\\/jairocampos.com\\\/site\\\/\"},{\"@type\":\"ListItem\",\"position\":2,\"name\":\"Home\"}]},{\"@type\":\"WebSite\",\"@id\":\"https:\\\/\\\/jairocampos.com\\\/site\\\/#website\",\"url\":\"https:\\\/\\\/jairocampos.com\\\/site\\\/\",\"name\":\"Jairo Campos Portfolio\",\"description\":\"Visual Artist \u00d7 Graphic Designer\",\"publisher\":{\"@id\":\"https:\\\/\\\/jairocampos.com\\\/site\\\/#\\\/schema\\\/person\\\/e217435e5161437de6b76afe79a3e18b\"},\"potentialAction\":[{\"@type\":\"SearchAction\",\"target\":{\"@type\":\"EntryPoint\",\"urlTemplate\":\"https:\\\/\\\/jairocampos.com\\\/site\\\/?s={search_term_string}\"},\"query-input\":{\"@type\":\"PropertyValueSpecification\",\"valueRequired\":true,\"valueName\":\"search_term_string\"}}],\"inLanguage\":\"en-US\"},{\"@type\":[\"Person\",\"Organization\"],\"@id\":\"https:\\\/\\\/jairocampos.com\\\/site\\\/#\\\/schema\\\/person\\\/e217435e5161437de6b76afe79a3e18b\",\"name\":\"Jairo Campos\",\"image\":{\"@type\":\"ImageObject\",\"inLanguage\":\"en-US\",\"@id\":\"https:\\\/\\\/secure.gravatar.com\\\/avatar\\\/bcd8323841e8693231d062515b3c1852700a5884c9b2bc43ca4f49d5e5c77e96?s=96&d=mm&r=g\",\"url\":\"https:\\\/\\\/secure.gravatar.com\\\/avatar\\\/bcd8323841e8693231d062515b3c1852700a5884c9b2bc43ca4f49d5e5c77e96?s=96&d=mm&r=g\",\"contentUrl\":\"https:\\\/\\\/secure.gravatar.com\\\/avatar\\\/bcd8323841e8693231d062515b3c1852700a5884c9b2bc43ca4f49d5e5c77e96?s=96&d=mm&r=g\",\"caption\":\"Jairo Campos\"},\"logo\":{\"@id\":\"https:\\\/\\\/secure.gravatar.com\\\/avatar\\\/bcd8323841e8693231d062515b3c1852700a5884c9b2bc43ca4f49d5e5c77e96?s=96&d=mm&r=g\"},\"sameAs\":[\"https:\\\/\\\/jairocampos.com\\\/\",\"https:\\\/\\\/www.instagram.com\\\/real.jairus\"]}]}<\/script>\n<!-- \/ Yoast SEO plugin. -->","yoast_head_json":{"title":"Jairo Campos - Artista Visual y Dise\u00f1ador Multimedia","description":"La obra y trayectoria de Jairo Campos, Artista Visual y Dise\u00f1ador Gr\u00e1fico con residencia en M\u00e9rida, Yucat\u00e1n, M\u00e9xico.","robots":{"index":"index","follow":"follow","max-snippet":"max-snippet:-1","max-image-preview":"max-image-preview:large","max-video-preview":"max-video-preview:-1"},"canonical":"https:\/\/jairocampos.com\/site\/","og_locale":"en_US","og_type":"article","og_title":"Jairo Campos - Artista Visual y Dise\u00f1ador Multimedia","og_description":"La obra y trayectoria de Jairo Campos, Artista Visual y Dise\u00f1ador Gr\u00e1fico con residencia en M\u00e9rida, Yucat\u00e1n, M\u00e9xico.","og_url":"https:\/\/jairocampos.com\/site\/","og_site_name":"Jairo Campos","article_modified_time":"2024-06-18T03:38:44+00:00","og_image":[{"width":1080,"height":1468,"url":"https:\/\/jairocampos.com\/site\/wp-content\/uploads\/2023\/07\/jairo_portraitb.webp","type":"image\/webp"}],"twitter_card":"summary_large_image","twitter_misc":{"Est. reading time":"1 minute"},"schema":{"@context":"https:\/\/schema.org","@graph":[{"@type":"WebPage","@id":"https:\/\/jairocampos.com\/site\/","url":"https:\/\/jairocampos.com\/site\/","name":"Jairo Campos - Artista Visual y Dise\u00f1ador Multimedia","isPartOf":{"@id":"https:\/\/jairocampos.com\/site\/#website"},"primaryImageOfPage":{"@id":"https:\/\/jairocampos.com\/site\/#primaryimage"},"image":{"@id":"https:\/\/jairocampos.com\/site\/#primaryimage"},"thumbnailUrl":"https:\/\/jairocampos.com\/site\/wp-content\/uploads\/2023\/07\/jairo_portraitb.webp","datePublished":"2023-02-11T22:19:14+00:00","dateModified":"2024-06-18T03:38:44+00:00","description":"La obra y trayectoria de Jairo Campos, Artista Visual y Dise\u00f1ador Gr\u00e1fico con residencia en M\u00e9rida, Yucat\u00e1n, M\u00e9xico.","breadcrumb":{"@id":"https:\/\/jairocampos.com\/site\/#breadcrumb"},"inLanguage":"en-US","potentialAction":[{"@type":"ReadAction","target":["https:\/\/jairocampos.com\/site\/"]}]},{"@type":"ImageObject","inLanguage":"en-US","@id":"https:\/\/jairocampos.com\/site\/#primaryimage","url":"https:\/\/jairocampos.com\/site\/wp-content\/uploads\/2023\/07\/jairo_portraitb.webp","contentUrl":"https:\/\/jairocampos.com\/site\/wp-content\/uploads\/2023\/07\/jairo_portraitb.webp","width":1080,"height":1468,"caption":"Retrato del artista Jairo Campos"},{"@type":"BreadcrumbList","@id":"https:\/\/jairocampos.com\/site\/#breadcrumb","itemListElement":[{"@type":"ListItem","position":1,"name":"Home","item":"https:\/\/jairocampos.com\/site\/"},{"@type":"ListItem","position":2,"name":"Home"}]},{"@type":"WebSite","@id":"https:\/\/jairocampos.com\/site\/#website","url":"https:\/\/jairocampos.com\/site\/","name":"Jairo Campos Portfolio","description":"Visual Artist \u00d7 Graphic Designer","publisher":{"@id":"https:\/\/jairocampos.com\/site\/#\/schema\/person\/e217435e5161437de6b76afe79a3e18b"},"potentialAction":[{"@type":"SearchAction","target":{"@type":"EntryPoint","urlTemplate":"https:\/\/jairocampos.com\/site\/?s={search_term_string}"},"query-input":{"@type":"PropertyValueSpecification","valueRequired":true,"valueName":"search_term_string"}}],"inLanguage":"en-US"},{"@type":["Person","Organization"],"@id":"https:\/\/jairocampos.com\/site\/#\/schema\/person\/e217435e5161437de6b76afe79a3e18b","name":"Jairo Campos","image":{"@type":"ImageObject","inLanguage":"en-US","@id":"https:\/\/secure.gravatar.com\/avatar\/bcd8323841e8693231d062515b3c1852700a5884c9b2bc43ca4f49d5e5c77e96?s=96&d=mm&r=g","url":"https:\/\/secure.gravatar.com\/avatar\/bcd8323841e8693231d062515b3c1852700a5884c9b2bc43ca4f49d5e5c77e96?s=96&d=mm&r=g","contentUrl":"https:\/\/secure.gravatar.com\/avatar\/bcd8323841e8693231d062515b3c1852700a5884c9b2bc43ca4f49d5e5c77e96?s=96&d=mm&r=g","caption":"Jairo Campos"},"logo":{"@id":"https:\/\/secure.gravatar.com\/avatar\/bcd8323841e8693231d062515b3c1852700a5884c9b2bc43ca4f49d5e5c77e96?s=96&d=mm&r=g"},"sameAs":["https:\/\/jairocampos.com\/","https:\/\/www.instagram.com\/real.jairus"]}]}},"_links":{"self":[{"href":"https:\/\/jairocampos.com\/site\/wp-json\/wp\/v2\/pages\/267","targetHints":{"allow":["GET"]}}],"collection":[{"href":"https:\/\/jairocampos.com\/site\/wp-json\/wp\/v2\/pages"}],"about":[{"href":"https:\/\/jairocampos.com\/site\/wp-json\/wp\/v2\/types\/page"}],"author":[{"embeddable":true,"href":"https:\/\/jairocampos.com\/site\/wp-json\/wp\/v2\/users\/1"}],"replies":[{"embeddable":true,"href":"https:\/\/jairocampos.com\/site\/wp-json\/wp\/v2\/comments?post=267"}],"version-history":[{"count":477,"href":"https:\/\/jairocampos.com\/site\/wp-json\/wp\/v2\/pages\/267\/revisions"}],"predecessor-version":[{"id":1638,"href":"https:\/\/jairocampos.com\/site\/wp-json\/wp\/v2\/pages\/267\/revisions\/1638"}],"wp:featuredmedia":[{"embeddable":true,"href":"https:\/\/jairocampos.com\/site\/wp-json\/wp\/v2\/media\/672"}],"wp:attachment":[{"href":"https:\/\/jairocampos.com\/site\/wp-json\/wp\/v2\/media?parent=267"}],"curies":[{"name":"wp","href":"https:\/\/api.w.org\/{rel}","templated":true}]}}